{"version":"1.0","provider_name":"Darka Maz\u00ee","provider_url":"https:\/\/darkamazi.info","title":"Ocalan peyamek belav kir: Heman daxwaziya dewleta Tirk ji Rojava kir\u00eeye - Darka Maz\u00ee","type":"rich","width":600,"height":338,"html":"<blockquote class=\"darka-embedded-content\" data-secret=\"hjBeFrSd1g\"><a href=\"https:\/\/darkamazi.info\/archives\/1051179\">Ocalan peyamek belav kir: Heman daxwaziya dewleta Tirk ji Rojava kir\u00eeye<\/a><\/blockquote><iframe sandbox=\"allow-scripts\" security=\"restricted\" src=\"https:\/\/darkamazi.info\/archives\/1051179\/embed#?secret=hjBeFrSd1g\" width=\"600\" height=\"338\" title=\"&#8220;Ocalan peyamek belav kir: Heman daxwaziya dewleta Tirk ji Rojava kir\u00eeye&#8221; &#8212; Darka Maz\u00ee\" data-secret=\"hjBeFrSd1g\" frameborder=\"0\" marginwidth=\"0\" marginheight=\"0\" scrolling=\"no\" class=\"darka-embedded-content\"><\/iframe><script>\n\/*! This file is auto-generated *\/\n!function(d,l){\"use strict\";l.querySelector&&d.addEventListener&&\"undefined\"!=typeof URL&&(d.wp=d.wp||{},d.wp.receiveEmbedMessage||(d.wp.receiveEmbedMessage=function(e){var t=e.data;if((t||t.secret||t.message||t.value)&&!\/[^a-zA-Z0-9]\/.test(t.secret)){for(var s,r,n,a=l.querySelectorAll('iframe[data-secret=\"'+t.secret+'\"]'),o=l.querySelectorAll('blockquote[data-secret=\"'+t.secret+'\"]'),c=new RegExp(\"^https?:$\",\"i\"),i=0;i<o.length;i++)o[i].style.display=\"none\";for(i=0;i<a.length;i++)s=a[i],e.source===s.contentWindow&&(s.removeAttribute(\"style\"),\"height\"===t.message?(1e3<(r=parseInt(t.value,10))?r=1e3:~~r<200&&(r=200),s.height=r):\"link\"===t.message&&(r=new URL(s.getAttribute(\"src\")),n=new URL(t.value),c.test(n.protocol))&&n.host===r.host&&l.activeElement===s&&(d.top.location.href=t.value))}},d.addEventListener(\"message\",d.wp.receiveEmbedMessage,!1),l.addEventListener(\"DOMContentLoaded\",function(){for(var e,t,s=l.querySelectorAll(\"iframe.darka-embedded-content\"),r=0;r<s.length;r++)(t=(e=s[r]).getAttribute(\"data-secret\"))||(t=Math.random().toString(36).substring(2,12),e.src+=\"#?secret=\"+t,e.setAttribute(\"data-secret\",t)),e.contentWindow.postMessage({message:\"ready\",secret:t},\"*\")},!1)))}(window,document);\n\/\/# sourceURL=https:\/\/darkamazi.info\/other\/js\/wp-embed.min.js\n<\/script>\n","thumbnail_url":"https:\/\/darkamazi.info\/file\/2025\/12\/Ocalan-Peyam-Rojava-Info.jpg","thumbnail_width":900,"thumbnail_height":500,"description":"R\u00eaber\u00ea PKK\u00ea \u00eero peyamek belav kir \u00fb t\u00eada daxwaz bich\u00ee an\u00eena peyama 10\u00ee Adar\u00ea ji r\u00eaveber\u00eeya Rojava kir\u00eeye, ev j\u00ee heman daxwaz\u00eeya Ardogan \u00fb dewleta Tirk e. Partiya gelan ya wekhev\u00ee \u00fb demokrasy\u00ea (Dem Part\u00ee), \u00eero roja s\u00ea\u015fem\u00ee 30 Kan\u00fbna 2025\u00ea peyama sersal\u00ea ya r\u00eaber\u00ea PKK\u00ea Abdulla Ocalan parve kir. Abdulla Ocalan di peyama xwe [&hellip;]"}