{"version":"1.0","provider_name":"Darka Maz\u00ee","provider_url":"https:\/\/darkamazi.info","title":"YNK\u2019\u00ea Nizar Am\u00ead\u00ee ji bo posta Serokkomar\u00ea Iraq\u00ea berbijar kir - Darka Maz\u00ee","type":"rich","width":600,"height":338,"html":"<blockquote class=\"darka-embedded-content\" data-secret=\"Z666vcEhme\"><a href=\"https:\/\/darkamazi.info\/archives\/1051224\">YNK\u2019\u00ea Nizar Am\u00ead\u00ee ji bo posta Serokkomar\u00ea Iraq\u00ea berbijar kir<\/a><\/blockquote><iframe sandbox=\"allow-scripts\" security=\"restricted\" src=\"https:\/\/darkamazi.info\/archives\/1051224\/embed#?secret=Z666vcEhme\" width=\"600\" height=\"338\" title=\"&#8220;YNK\u2019\u00ea Nizar Am\u00ead\u00ee ji bo posta Serokkomar\u00ea Iraq\u00ea berbijar kir&#8221; &#8212; Darka Maz\u00ee\" data-secret=\"Z666vcEhme\" frameborder=\"0\" marginwidth=\"0\" marginheight=\"0\" scrolling=\"no\" class=\"darka-embedded-content\"><\/iframe><script>\n\/*! This file is auto-generated *\/\n!function(d,l){\"use strict\";l.querySelector&&d.addEventListener&&\"undefined\"!=typeof URL&&(d.wp=d.wp||{},d.wp.receiveEmbedMessage||(d.wp.receiveEmbedMessage=function(e){var t=e.data;if((t||t.secret||t.message||t.value)&&!\/[^a-zA-Z0-9]\/.test(t.secret)){for(var s,r,n,a=l.querySelectorAll('iframe[data-secret=\"'+t.secret+'\"]'),o=l.querySelectorAll('blockquote[data-secret=\"'+t.secret+'\"]'),c=new RegExp(\"^https?:$\",\"i\"),i=0;i<o.length;i++)o[i].style.display=\"none\";for(i=0;i<a.length;i++)s=a[i],e.source===s.contentWindow&&(s.removeAttribute(\"style\"),\"height\"===t.message?(1e3<(r=parseInt(t.value,10))?r=1e3:~~r<200&&(r=200),s.height=r):\"link\"===t.message&&(r=new URL(s.getAttribute(\"src\")),n=new URL(t.value),c.test(n.protocol))&&n.host===r.host&&l.activeElement===s&&(d.top.location.href=t.value))}},d.addEventListener(\"message\",d.wp.receiveEmbedMessage,!1),l.addEventListener(\"DOMContentLoaded\",function(){for(var e,t,s=l.querySelectorAll(\"iframe.darka-embedded-content\"),r=0;r<s.length;r++)(t=(e=s[r]).getAttribute(\"data-secret\"))||(t=Math.random().toString(36).substring(2,12),e.src+=\"#?secret=\"+t,e.setAttribute(\"data-secret\",t)),e.contentWindow.postMessage({message:\"ready\",secret:t},\"*\")},!1)))}(window,document);\n\/\/# sourceURL=https:\/\/darkamazi.info\/other\/js\/wp-embed.min.js\n<\/script>\n","thumbnail_url":"https:\/\/darkamazi.info\/file\/2026\/01\/nizar-amedi.jpg","thumbnail_width":1562,"thumbnail_height":878,"description":"Yek\u00eetiya Ni\u015ftiman\u00ee ya Kurdistan\u00ea (YNK) ragihand, wan Nizar Am\u00ead\u00ee, Wez\u00eer\u00ea ber\u00ea y\u00ea J\u00eengeh\u00ea \u00fb endam\u00ea pol\u00eetburoya partiya xwe, wek\u00ee berbijar\u00ea ferm\u00ee ji bo posta Serokkomariya Iraq\u00ea destn\u00ee\u015fan kiriye. Berdevk\u00ea Yek\u00eetiya Ni\u015ftiman\u00ee ya Kurdistan\u00ea (YNK) Karwan Gazney\u00ee \u00eero 5\u00ea \u00c7ileya 2026an, li ser hejmara xwe ya ferm\u00ee y\u00ea medyaya civak\u00ee a\u015fkere kir ku partiya wan bi [&hellip;]"}