{"version":"1.0","provider_name":"Darka Maz\u00ee","provider_url":"https:\/\/darkamazi.info","title":"Konfederasyona Diyasporaya Kurdistan\u00ee \u00fb Dezgeha Barzan\u00ee ya X\u00earxwaziy\u00ea bangeka netewey\u00ee ragihand - Darka Maz\u00ee","type":"rich","width":600,"height":338,"html":"<blockquote class=\"darka-embedded-content\" data-secret=\"b8afkhgFqb\"><a href=\"https:\/\/darkamazi.info\/archives\/1051327\">Konfederasyona Diyasporaya Kurdistan\u00ee \u00fb Dezgeha Barzan\u00ee ya X\u00earxwaziy\u00ea bangeka netewey\u00ee ragihand<\/a><\/blockquote><iframe sandbox=\"allow-scripts\" security=\"restricted\" src=\"https:\/\/darkamazi.info\/archives\/1051327\/embed#?secret=b8afkhgFqb\" width=\"600\" height=\"338\" title=\"&#8220;Konfederasyona Diyasporaya Kurdistan\u00ee \u00fb Dezgeha Barzan\u00ee ya X\u00earxwaziy\u00ea bangeka netewey\u00ee ragihand&#8221; &#8212; Darka Maz\u00ee\" data-secret=\"b8afkhgFqb\" frameborder=\"0\" marginwidth=\"0\" marginheight=\"0\" scrolling=\"no\" class=\"darka-embedded-content\"><\/iframe><script>\n\/*! This file is auto-generated *\/\n!function(d,l){\"use strict\";l.querySelector&&d.addEventListener&&\"undefined\"!=typeof URL&&(d.wp=d.wp||{},d.wp.receiveEmbedMessage||(d.wp.receiveEmbedMessage=function(e){var t=e.data;if((t||t.secret||t.message||t.value)&&!\/[^a-zA-Z0-9]\/.test(t.secret)){for(var s,r,n,a=l.querySelectorAll('iframe[data-secret=\"'+t.secret+'\"]'),o=l.querySelectorAll('blockquote[data-secret=\"'+t.secret+'\"]'),c=new RegExp(\"^https?:$\",\"i\"),i=0;i<o.length;i++)o[i].style.display=\"none\";for(i=0;i<a.length;i++)s=a[i],e.source===s.contentWindow&&(s.removeAttribute(\"style\"),\"height\"===t.message?(1e3<(r=parseInt(t.value,10))?r=1e3:~~r<200&&(r=200),s.height=r):\"link\"===t.message&&(r=new URL(s.getAttribute(\"src\")),n=new URL(t.value),c.test(n.protocol))&&n.host===r.host&&l.activeElement===s&&(d.top.location.href=t.value))}},d.addEventListener(\"message\",d.wp.receiveEmbedMessage,!1),l.addEventListener(\"DOMContentLoaded\",function(){for(var e,t,s=l.querySelectorAll(\"iframe.darka-embedded-content\"),r=0;r<s.length;r++)(t=(e=s[r]).getAttribute(\"data-secret\"))||(t=Math.random().toString(36).substring(2,12),e.src+=\"#?secret=\"+t,e.setAttribute(\"data-secret\",t)),e.contentWindow.postMessage({message:\"ready\",secret:t},\"*\")},!1)))}(window,document);\n\/\/# sourceURL=https:\/\/darkamazi.info\/other\/js\/wp-embed.min.js\n<\/script>\n","thumbnail_url":"https:\/\/darkamazi.info\/file\/2026\/01\/Konfederasyona-Diyasporaya-Kurdistani-u-Dezgeha-Barzani.jpg","thumbnail_width":900,"thumbnail_height":500,"description":"Konfederasyona Diyasporaya Kurdistan\u00ee, bi merema r\u00fbbir\u00fbb\u00fbna w\u00ea rew\u015fa mirov\u00ee ya dijwar a ku niha li Efr\u00een\u00ea \u00e7\u00ea b\u00fbye, bangeka lezg\u00een arastey\u00ee hem\u00ee x\u00earxwazan \u00fb Diyasporaya Kurdistan\u00ee li seranser\u00ee c\u00eehan\u00ea dike, da ku bi r\u00eaya Dezgeha Barzan\u00ee ya X\u00earxwaziy\u00ea al\u00eekariy\u00ean xwe y\u00ean mirov\u00ee bigih\u00eenin l\u00eaqewimiyan \u00fb awarey\u00ean w\u00ea dever\u00ea. Ev banga Konfederasyona Diyasporaya Kurdistan\u00ee di demek\u00ea [&hellip;]"}