{"version":"1.0","provider_name":"Darka Maz\u00ee","provider_url":"https:\/\/darkamazi.info","title":"Ocalan li ser Heleb\u00ea b\u00eadenge, l\u00ea \u00eero peyamek ji konferansa \u00censiyat\u00eefa Yek\u00eetiya Demokrat\u00eek re \u015fand - Darka Maz\u00ee","type":"rich","width":600,"height":338,"html":"<blockquote class=\"darka-embedded-content\" data-secret=\"gp0ek3V2fg\"><a href=\"https:\/\/darkamazi.info\/archives\/1051404\">Ocalan li ser Heleb\u00ea b\u00eadenge, l\u00ea \u00eero peyamek ji konferansa \u00censiyat\u00eefa Yek\u00eetiya Demokrat\u00eek re \u015fand<\/a><\/blockquote><iframe sandbox=\"allow-scripts\" security=\"restricted\" src=\"https:\/\/darkamazi.info\/archives\/1051404\/embed#?secret=gp0ek3V2fg\" width=\"600\" height=\"338\" title=\"&#8220;Ocalan li ser Heleb\u00ea b\u00eadenge, l\u00ea \u00eero peyamek ji konferansa \u00censiyat\u00eefa Yek\u00eetiya Demokrat\u00eek re \u015fand&#8221; &#8212; Darka Maz\u00ee\" data-secret=\"gp0ek3V2fg\" frameborder=\"0\" marginwidth=\"0\" marginheight=\"0\" scrolling=\"no\" class=\"darka-embedded-content\"><\/iframe><script>\n\/*! This file is auto-generated *\/\n!function(d,l){\"use strict\";l.querySelector&&d.addEventListener&&\"undefined\"!=typeof URL&&(d.wp=d.wp||{},d.wp.receiveEmbedMessage||(d.wp.receiveEmbedMessage=function(e){var t=e.data;if((t||t.secret||t.message||t.value)&&!\/[^a-zA-Z0-9]\/.test(t.secret)){for(var s,r,n,a=l.querySelectorAll('iframe[data-secret=\"'+t.secret+'\"]'),o=l.querySelectorAll('blockquote[data-secret=\"'+t.secret+'\"]'),c=new RegExp(\"^https?:$\",\"i\"),i=0;i<o.length;i++)o[i].style.display=\"none\";for(i=0;i<a.length;i++)s=a[i],e.source===s.contentWindow&&(s.removeAttribute(\"style\"),\"height\"===t.message?(1e3<(r=parseInt(t.value,10))?r=1e3:~~r<200&&(r=200),s.height=r):\"link\"===t.message&&(r=new URL(s.getAttribute(\"src\")),n=new URL(t.value),c.test(n.protocol))&&n.host===r.host&&l.activeElement===s&&(d.top.location.href=t.value))}},d.addEventListener(\"message\",d.wp.receiveEmbedMessage,!1),l.addEventListener(\"DOMContentLoaded\",function(){for(var e,t,s=l.querySelectorAll(\"iframe.darka-embedded-content\"),r=0;r<s.length;r++)(t=(e=s[r]).getAttribute(\"data-secret\"))||(t=Math.random().toString(36).substring(2,12),e.src+=\"#?secret=\"+t,e.setAttribute(\"data-secret\",t)),e.contentWindow.postMessage({message:\"ready\",secret:t},\"*\")},!1)))}(window,document);\n\/\/# sourceURL=https:\/\/darkamazi.info\/other\/js\/wp-embed.min.js\n<\/script>\n","thumbnail_url":"https:\/\/darkamazi.info\/file\/2026\/01\/Ocalan-Peyam-Net.jpg","thumbnail_width":900,"thumbnail_height":500,"description":"Abdullah Ocalan, r\u00eaber\u00ea PKK\u2019eya hilwe\u015fiyay\u00ee, \u00eero peyamek ji 2yem\u00een civ\u00eena gi\u015ft\u00eeya asay\u00eeya \u00censiyat\u00eefa Yek\u00eetiya Demokrat\u00eek re \u015fand. H\u00eajay\u00ee gotin\u00eaye ku Ocalan, li ser \u00ear\u00ee\u015f\u00ean berfireh\u00ean li ser tax\u00ean Kurdan \u00ean li E\u015frefiy\u00ea \u00fb \u015e\u00eax Meqs\u00fbd\u00ea y\u00ean Heleb\u00ea \u00fb ko\u00e7berb\u00fbna bi hezaran kurdan a ji ber wan \u00ear\u00ee\u015fan, peyvek j\u00ee negot, l\u00ea bel\u00ea peyamek ji konferans\u00ea [&hellip;]"}