{"version":"1.0","provider_name":"Darka Maz\u00ee","provider_url":"https:\/\/darkamazi.info","title":"Gelo li Rojava xiyanet li Kurdan hat\u00eeye kirin? - Darka Maz\u00ee","type":"rich","width":600,"height":338,"html":"<blockquote class=\"darka-embedded-content\" data-secret=\"6nrMJRbNop\"><a href=\"https:\/\/darkamazi.info\/archives\/1051505\">Gelo li Rojava xiyanet li Kurdan hat\u00eeye kirin?<\/a><\/blockquote><iframe sandbox=\"allow-scripts\" security=\"restricted\" src=\"https:\/\/darkamazi.info\/archives\/1051505\/embed#?secret=6nrMJRbNop\" width=\"600\" height=\"338\" title=\"&#8220;Gelo li Rojava xiyanet li Kurdan hat\u00eeye kirin?&#8221; &#8212; Darka Maz\u00ee\" data-secret=\"6nrMJRbNop\" frameborder=\"0\" marginwidth=\"0\" marginheight=\"0\" scrolling=\"no\" class=\"darka-embedded-content\"><\/iframe><script>\n\/*! This file is auto-generated *\/\n!function(d,l){\"use strict\";l.querySelector&&d.addEventListener&&\"undefined\"!=typeof URL&&(d.wp=d.wp||{},d.wp.receiveEmbedMessage||(d.wp.receiveEmbedMessage=function(e){var t=e.data;if((t||t.secret||t.message||t.value)&&!\/[^a-zA-Z0-9]\/.test(t.secret)){for(var s,r,n,a=l.querySelectorAll('iframe[data-secret=\"'+t.secret+'\"]'),o=l.querySelectorAll('blockquote[data-secret=\"'+t.secret+'\"]'),c=new RegExp(\"^https?:$\",\"i\"),i=0;i<o.length;i++)o[i].style.display=\"none\";for(i=0;i<a.length;i++)s=a[i],e.source===s.contentWindow&&(s.removeAttribute(\"style\"),\"height\"===t.message?(1e3<(r=parseInt(t.value,10))?r=1e3:~~r<200&&(r=200),s.height=r):\"link\"===t.message&&(r=new URL(s.getAttribute(\"src\")),n=new URL(t.value),c.test(n.protocol))&&n.host===r.host&&l.activeElement===s&&(d.top.location.href=t.value))}},d.addEventListener(\"message\",d.wp.receiveEmbedMessage,!1),l.addEventListener(\"DOMContentLoaded\",function(){for(var e,t,s=l.querySelectorAll(\"iframe.darka-embedded-content\"),r=0;r<s.length;r++)(t=(e=s[r]).getAttribute(\"data-secret\"))||(t=Math.random().toString(36).substring(2,12),e.src+=\"#?secret=\"+t,e.setAttribute(\"data-secret\",t)),e.contentWindow.postMessage({message:\"ready\",secret:t},\"*\")},!1)))}(window,document);\n\/\/# sourceURL=https:\/\/darkamazi.info\/other\/js\/wp-embed.min.js\n<\/script>\n","thumbnail_url":"https:\/\/darkamazi.info\/file\/2026\/01\/rojava.jpg","thumbnail_width":900,"thumbnail_height":497,"description":"[darkamazi_row][darkamazi_column][darkamazi_video link=&#8221;https:\/\/www.youtube.com\/watch?v=RV50BQGuS-I&#8221; align=&#8221;center&#8221; css=&#8221;&#8221;][darkamazi_column_text] \u00car\u00ee\u015feke mezin li dij\u00ee destkeft\u00ee, maf, erdn\u00eegar\u00ee \u00fb heta heb\u00fbna f\u00eez\u00eek\u00ee ya Kurdan li Rojava heye. D\u00eerok\u00ea em an\u00eene astek\u00ea ku div\u00ea her Kurdek\u00ee bi \u015feref \u00fb r\u00fbmet ji bo Rojava tevbigere \u00fb her ti\u015ft\u00ea ku ji dest\u00ea w\u00ee t\u00ea bike., Kurdan li her der\u00ea c\u00eehan\u00ea \u00fb Kurdistan\u00ea, ji Hewler\u00ea heta [&hellip;]"}