{"version":"1.0","provider_name":"Darka Maz\u00ee","provider_url":"https:\/\/darkamazi.info","title":"Girtek\u00ean hevd\u00eetina Abdullah Ocalana bi Kom\u00eesyona Parlamentoya Tirkiy\u00ea re hatin we\u015fandin - Darka Maz\u00ee","type":"rich","width":600,"height":338,"html":"<blockquote class=\"darka-embedded-content\" data-secret=\"8JM8RvrHNf\"><a href=\"https:\/\/darkamazi.info\/archives\/1051516\">Girtek\u00ean hevd\u00eetina Abdullah Ocalana bi Kom\u00eesyona Parlamentoya Tirkiy\u00ea re hatin we\u015fandin<\/a><\/blockquote><iframe sandbox=\"allow-scripts\" security=\"restricted\" src=\"https:\/\/darkamazi.info\/archives\/1051516\/embed#?secret=8JM8RvrHNf\" width=\"600\" height=\"338\" title=\"&#8220;Girtek\u00ean hevd\u00eetina Abdullah Ocalana bi Kom\u00eesyona Parlamentoya Tirkiy\u00ea re hatin we\u015fandin&#8221; &#8212; Darka Maz\u00ee\" data-secret=\"8JM8RvrHNf\" frameborder=\"0\" marginwidth=\"0\" marginheight=\"0\" scrolling=\"no\" class=\"darka-embedded-content\"><\/iframe><script>\n\/*! This file is auto-generated *\/\n!function(d,l){\"use strict\";l.querySelector&&d.addEventListener&&\"undefined\"!=typeof URL&&(d.wp=d.wp||{},d.wp.receiveEmbedMessage||(d.wp.receiveEmbedMessage=function(e){var t=e.data;if((t||t.secret||t.message||t.value)&&!\/[^a-zA-Z0-9]\/.test(t.secret)){for(var s,r,n,a=l.querySelectorAll('iframe[data-secret=\"'+t.secret+'\"]'),o=l.querySelectorAll('blockquote[data-secret=\"'+t.secret+'\"]'),c=new RegExp(\"^https?:$\",\"i\"),i=0;i<o.length;i++)o[i].style.display=\"none\";for(i=0;i<a.length;i++)s=a[i],e.source===s.contentWindow&&(s.removeAttribute(\"style\"),\"height\"===t.message?(1e3<(r=parseInt(t.value,10))?r=1e3:~~r<200&&(r=200),s.height=r):\"link\"===t.message&&(r=new URL(s.getAttribute(\"src\")),n=new URL(t.value),c.test(n.protocol))&&n.host===r.host&&l.activeElement===s&&(d.top.location.href=t.value))}},d.addEventListener(\"message\",d.wp.receiveEmbedMessage,!1),l.addEventListener(\"DOMContentLoaded\",function(){for(var e,t,s=l.querySelectorAll(\"iframe.darka-embedded-content\"),r=0;r<s.length;r++)(t=(e=s[r]).getAttribute(\"data-secret\"))||(t=Math.random().toString(36).substring(2,12),e.src+=\"#?secret=\"+t,e.setAttribute(\"data-secret\",t)),e.contentWindow.postMessage({message:\"ready\",secret:t},\"*\")},!1)))}(window,document);\n\/\/# sourceURL=https:\/\/darkamazi.info\/other\/js\/wp-embed.min.js\n<\/script>\n","thumbnail_url":"https:\/\/darkamazi.info\/file\/2026\/01\/apooo.jpg","thumbnail_width":900,"thumbnail_height":497,"description":"Pi\u015ft\u00ee derbasb\u00fbna du mehan liser hevd\u00eetina di n\u00eavbera serok\u00ea PKK\u2019\u00ea Evdilla Ocalan bi \u015fanda Kom\u00eesyona parlamentoya Tirk\u00eey\u00ea Kom\u00eesyona Hevgirtina Netewey\u00ee, Birat\u00ee \u00fb Demokrasiy\u00ea&#8221;, Kom\u00eesyon\u00ea hem\u00fb girtek\u00ean v\u00ea hevd\u00eetin\u00ea parve kirin. Hevd\u00eetina di navbera Ocalan \u00fb Kom\u00eesyona Parlamantoya Tirkiyey\u00ea de di 24\u00ea \u00c7iriya p\u00ea\u015f\u00een ya sala 2025an de li girava \u00cemraliy\u00ea hatib\u00fb encamdan, duh derengiya \u015fev [&hellip;]"}