{"version":"1.0","provider_name":"Darka Maz\u00ee","provider_url":"https:\/\/darkamazi.info","title":"Bah\u00e7el\u00ee d\u00eeyariya Ocalan bi xal\u00ee\u00e7eya A\u015ft\u00ee \u00fb Demokrasiy\u00ea bi nav kir - Darka Maz\u00ee","type":"rich","width":600,"height":338,"html":"<blockquote class=\"darka-embedded-content\" data-secret=\"PZL6bmZoXM\"><a href=\"https:\/\/darkamazi.info\/archives\/1051524\">Bah\u00e7el\u00ee d\u00eeyariya Ocalan bi xal\u00ee\u00e7eya A\u015ft\u00ee \u00fb Demokrasiy\u00ea bi nav kir<\/a><\/blockquote><iframe sandbox=\"allow-scripts\" security=\"restricted\" src=\"https:\/\/darkamazi.info\/archives\/1051524\/embed#?secret=PZL6bmZoXM\" width=\"600\" height=\"338\" title=\"&#8220;Bah\u00e7el\u00ee d\u00eeyariya Ocalan bi xal\u00ee\u00e7eya A\u015ft\u00ee \u00fb Demokrasiy\u00ea bi nav kir&#8221; &#8212; Darka Maz\u00ee\" data-secret=\"PZL6bmZoXM\" frameborder=\"0\" marginwidth=\"0\" marginheight=\"0\" scrolling=\"no\" class=\"darka-embedded-content\"><\/iframe><script>\n\/*! This file is auto-generated *\/\n!function(d,l){\"use strict\";l.querySelector&&d.addEventListener&&\"undefined\"!=typeof URL&&(d.wp=d.wp||{},d.wp.receiveEmbedMessage||(d.wp.receiveEmbedMessage=function(e){var t=e.data;if((t||t.secret||t.message||t.value)&&!\/[^a-zA-Z0-9]\/.test(t.secret)){for(var s,r,n,a=l.querySelectorAll('iframe[data-secret=\"'+t.secret+'\"]'),o=l.querySelectorAll('blockquote[data-secret=\"'+t.secret+'\"]'),c=new RegExp(\"^https?:$\",\"i\"),i=0;i<o.length;i++)o[i].style.display=\"none\";for(i=0;i<a.length;i++)s=a[i],e.source===s.contentWindow&&(s.removeAttribute(\"style\"),\"height\"===t.message?(1e3<(r=parseInt(t.value,10))?r=1e3:~~r<200&&(r=200),s.height=r):\"link\"===t.message&&(r=new URL(s.getAttribute(\"src\")),n=new URL(t.value),c.test(n.protocol))&&n.host===r.host&&l.activeElement===s&&(d.top.location.href=t.value))}},d.addEventListener(\"message\",d.wp.receiveEmbedMessage,!1),l.addEventListener(\"DOMContentLoaded\",function(){for(var e,t,s=l.querySelectorAll(\"iframe.darka-embedded-content\"),r=0;r<s.length;r++)(t=(e=s[r]).getAttribute(\"data-secret\"))||(t=Math.random().toString(36).substring(2,12),e.src+=\"#?secret=\"+t,e.setAttribute(\"data-secret\",t)),e.contentWindow.postMessage({message:\"ready\",secret:t},\"*\")},!1)))}(window,document);\n\/\/# sourceURL=https:\/\/darkamazi.info\/other\/js\/wp-embed.min.js\n<\/script>\n","thumbnail_url":"https:\/\/darkamazi.info\/file\/2026\/01\/ocalan-bahceli.jpg","thumbnail_width":900,"thumbnail_height":497,"description":"Serok\u00ea MHP\u00ea Devlet Bah\u00e7el\u00ee daxuyaniy\u00ean balk\u00ea\u015f dan. Bah\u00e7el\u00ee der bar\u00ea p\u00eavajoya \u201cTirkiyeya b\u00ea Teror\u201d de ji tv100\u2019\u00ea re ji Den\u00eez G\u00fbrel \u00fb Ba\u015fak \u015eengul re axiv\u00ee \u00fb diyar kir ku serok\u00ea PKK\u2019\u00ea Abdullah Ocalan xal\u00ee\u00e7eyek diyar\u00ee j\u00ea re r\u00eakiriye. Bah\u00e7el\u00ee got: \u201cDema ku \u015fanda Partiya DEM\u00ea di 12\u00ea Kan\u00fbna P\u00ea\u015f\u00een a 2025an de li Parlamentoy\u00ea [&hellip;]"}