{"version":"1.0","provider_name":"Darka Maz\u00ee","provider_url":"https:\/\/darkamazi.info","title":"Serok\u00ea BCF\u2019\u00ea: Em \u00ea di her \u015fert \u00fb merc\u00ee de li k\u00ealeka xelk\u00ea xwe y\u00ea li Rojavay\u00ea Kurdistan\u00ea bin - Darka Maz\u00ee","type":"rich","width":600,"height":338,"html":"<blockquote class=\"darka-embedded-content\" data-secret=\"IvHoVkiVxl\"><a href=\"https:\/\/darkamazi.info\/archives\/1051565\">Serok\u00ea BCF\u2019\u00ea: Em \u00ea di her \u015fert \u00fb merc\u00ee de li k\u00ealeka xelk\u00ea xwe y\u00ea li Rojavay\u00ea Kurdistan\u00ea bin<\/a><\/blockquote><iframe sandbox=\"allow-scripts\" security=\"restricted\" src=\"https:\/\/darkamazi.info\/archives\/1051565\/embed#?secret=IvHoVkiVxl\" width=\"600\" height=\"338\" title=\"&#8220;Serok\u00ea BCF\u2019\u00ea: Em \u00ea di her \u015fert \u00fb merc\u00ee de li k\u00ealeka xelk\u00ea xwe y\u00ea li Rojavay\u00ea Kurdistan\u00ea bin&#8221; &#8212; Darka Maz\u00ee\" data-secret=\"IvHoVkiVxl\" frameborder=\"0\" marginwidth=\"0\" marginheight=\"0\" scrolling=\"no\" class=\"darka-embedded-content\"><\/iframe><script>\n\/*! This file is auto-generated *\/\n!function(d,l){\"use strict\";l.querySelector&&d.addEventListener&&\"undefined\"!=typeof URL&&(d.wp=d.wp||{},d.wp.receiveEmbedMessage||(d.wp.receiveEmbedMessage=function(e){var t=e.data;if((t||t.secret||t.message||t.value)&&!\/[^a-zA-Z0-9]\/.test(t.secret)){for(var s,r,n,a=l.querySelectorAll('iframe[data-secret=\"'+t.secret+'\"]'),o=l.querySelectorAll('blockquote[data-secret=\"'+t.secret+'\"]'),c=new RegExp(\"^https?:$\",\"i\"),i=0;i<o.length;i++)o[i].style.display=\"none\";for(i=0;i<a.length;i++)s=a[i],e.source===s.contentWindow&&(s.removeAttribute(\"style\"),\"height\"===t.message?(1e3<(r=parseInt(t.value,10))?r=1e3:~~r<200&&(r=200),s.height=r):\"link\"===t.message&&(r=new URL(s.getAttribute(\"src\")),n=new URL(t.value),c.test(n.protocol))&&n.host===r.host&&l.activeElement===s&&(d.top.location.href=t.value))}},d.addEventListener(\"message\",d.wp.receiveEmbedMessage,!1),l.addEventListener(\"DOMContentLoaded\",function(){for(var e,t,s=l.querySelectorAll(\"iframe.darka-embedded-content\"),r=0;r<s.length;r++)(t=(e=s[r]).getAttribute(\"data-secret\"))||(t=Math.random().toString(36).substring(2,12),e.src+=\"#?secret=\"+t,e.setAttribute(\"data-secret\",t)),e.contentWindow.postMessage({message:\"ready\",secret:t},\"*\")},!1)))}(window,document);\n\/\/# sourceURL=https:\/\/darkamazi.info\/other\/js\/wp-embed.min.js\n<\/script>\n","thumbnail_url":"https:\/\/darkamazi.info\/file\/2026\/01\/Seroke-BCFe.jpg","thumbnail_width":900,"thumbnail_height":500,"description":"Serok\u00ea Dezgeha Barzaniya X\u00earxwaziy\u00ea (BCF) M\u00fbsa Ehmed amar\u00ean her\u00ee n\u00fb ya \u00e7alak\u00ee \u00fb al\u00eekariy\u00ean dezgeh\u00ea y\u00ean li Rojavay\u00ea Kurdistan\u00ea ji raya gi\u015ft\u00ee re ragihand. Ehmed destn\u00ee\u015fan kir, al\u00eekariy\u00ean wan sektor\u00ean perwerde, tendurist\u00ee \u00fb xwarin\u00ea dihew\u00eenin. Serok\u00ea Serok\u00ea Dezgeha Barzaniya X\u00earxwaziy\u00ea M\u00fbsa Ehmed \u00eero 27\u00ea \u00c7iley\u00ea li Qami\u015flo di konferanseke rojnamevan\u00ee de h\u00fbrgiliy\u00ean xebat\u00ean mirov\u00ee y\u00ean [&hellip;]"}