{"version":"1.0","provider_name":"Darka Maz\u00ee","provider_url":"https:\/\/darkamazi.info","title":"Gelo rapora ku ji aliy\u00ea Parlamentoya Tirkiy\u00ea ve hatiye amadekirin ligel n\u00ear\u00een\u00ean Ocalan g\u00fbncaw e? - Darka Maz\u00ee","type":"rich","width":600,"height":338,"html":"<blockquote class=\"darka-embedded-content\" data-secret=\"SvVOvrhAPX\"><a href=\"https:\/\/darkamazi.info\/archives\/1051878\">Gelo rapora ku ji aliy\u00ea Parlamentoya Tirkiy\u00ea ve hatiye amadekirin ligel n\u00ear\u00een\u00ean Ocalan g\u00fbncaw e?<\/a><\/blockquote><iframe sandbox=\"allow-scripts\" security=\"restricted\" src=\"https:\/\/darkamazi.info\/archives\/1051878\/embed#?secret=SvVOvrhAPX\" width=\"600\" height=\"338\" title=\"&#8220;Gelo rapora ku ji aliy\u00ea Parlamentoya Tirkiy\u00ea ve hatiye amadekirin ligel n\u00ear\u00een\u00ean Ocalan g\u00fbncaw e?&#8221; &#8212; Darka Maz\u00ee\" data-secret=\"SvVOvrhAPX\" frameborder=\"0\" marginwidth=\"0\" marginheight=\"0\" scrolling=\"no\" class=\"darka-embedded-content\"><\/iframe><script>\n\/*! This file is auto-generated *\/\n!function(d,l){\"use strict\";l.querySelector&&d.addEventListener&&\"undefined\"!=typeof URL&&(d.wp=d.wp||{},d.wp.receiveEmbedMessage||(d.wp.receiveEmbedMessage=function(e){var t=e.data;if((t||t.secret||t.message||t.value)&&!\/[^a-zA-Z0-9]\/.test(t.secret)){for(var s,r,n,a=l.querySelectorAll('iframe[data-secret=\"'+t.secret+'\"]'),o=l.querySelectorAll('blockquote[data-secret=\"'+t.secret+'\"]'),c=new RegExp(\"^https?:$\",\"i\"),i=0;i<o.length;i++)o[i].style.display=\"none\";for(i=0;i<a.length;i++)s=a[i],e.source===s.contentWindow&&(s.removeAttribute(\"style\"),\"height\"===t.message?(1e3<(r=parseInt(t.value,10))?r=1e3:~~r<200&&(r=200),s.height=r):\"link\"===t.message&&(r=new URL(s.getAttribute(\"src\")),n=new URL(t.value),c.test(n.protocol))&&n.host===r.host&&l.activeElement===s&&(d.top.location.href=t.value))}},d.addEventListener(\"message\",d.wp.receiveEmbedMessage,!1),l.addEventListener(\"DOMContentLoaded\",function(){for(var e,t,s=l.querySelectorAll(\"iframe.darka-embedded-content\"),r=0;r<s.length;r++)(t=(e=s[r]).getAttribute(\"data-secret\"))||(t=Math.random().toString(36).substring(2,12),e.src+=\"#?secret=\"+t,e.setAttribute(\"data-secret\",t)),e.contentWindow.postMessage({message:\"ready\",secret:t},\"*\")},!1)))}(window,document);\n\/\/# sourceURL=https:\/\/darkamazi.info\/other\/js\/wp-embed.min.js\n<\/script>\n","thumbnail_url":"https:\/\/darkamazi.info\/file\/2026\/02\/komisyon-ocalan-tirkiye.jpg","thumbnail_width":900,"thumbnail_height":497,"description":"&#8220;Kom\u00eesyona Hevgirtina Netewey\u00ee, Birat\u00ee \u00fb Demokrasiy\u00ea, ku di 5 \u00ea Tebaxa 2025 an de hatiye damezrandin, rapora xwe ya daw\u00ee di 19 \u00ea Sibata 2026 an de p\u00ea\u015fk\u00ea\u015f\u00ee raya gi\u015ft\u00ee kir. Di rapor\u00ea de bi giran\u00ee niyeta dewleta Tirk \u00e7i b\u00fb \u00fb xet\u00ean gi\u015ft\u00ee y\u00ean peymana di navbera \u00cemraliy\u00ea \u00fb dewleta Tirk de hatin destn\u00ee\u015fankirin. [&hellip;]"}