{"version":"1.0","provider_name":"Darka Maz\u00ee","provider_url":"https:\/\/darkamazi.info","title":"Sibe peyama n\u00fb ya Ocalan t\u00ea ragihandin - Darka Maz\u00ee","type":"rich","width":600,"height":338,"html":"<blockquote class=\"darka-embedded-content\" data-secret=\"P6THvWubQQ\"><a href=\"https:\/\/darkamazi.info\/archives\/1051899\">Sibe peyama n\u00fb ya Ocalan t\u00ea ragihandin<\/a><\/blockquote><iframe sandbox=\"allow-scripts\" security=\"restricted\" src=\"https:\/\/darkamazi.info\/archives\/1051899\/embed#?secret=P6THvWubQQ\" width=\"600\" height=\"338\" title=\"&#8220;Sibe peyama n\u00fb ya Ocalan t\u00ea ragihandin&#8221; &#8212; Darka Maz\u00ee\" data-secret=\"P6THvWubQQ\" frameborder=\"0\" marginwidth=\"0\" marginheight=\"0\" scrolling=\"no\" class=\"darka-embedded-content\"><\/iframe><script>\n\/*! This file is auto-generated *\/\n!function(d,l){\"use strict\";l.querySelector&&d.addEventListener&&\"undefined\"!=typeof URL&&(d.wp=d.wp||{},d.wp.receiveEmbedMessage||(d.wp.receiveEmbedMessage=function(e){var t=e.data;if((t||t.secret||t.message||t.value)&&!\/[^a-zA-Z0-9]\/.test(t.secret)){for(var s,r,n,a=l.querySelectorAll('iframe[data-secret=\"'+t.secret+'\"]'),o=l.querySelectorAll('blockquote[data-secret=\"'+t.secret+'\"]'),c=new RegExp(\"^https?:$\",\"i\"),i=0;i<o.length;i++)o[i].style.display=\"none\";for(i=0;i<a.length;i++)s=a[i],e.source===s.contentWindow&&(s.removeAttribute(\"style\"),\"height\"===t.message?(1e3<(r=parseInt(t.value,10))?r=1e3:~~r<200&&(r=200),s.height=r):\"link\"===t.message&&(r=new URL(s.getAttribute(\"src\")),n=new URL(t.value),c.test(n.protocol))&&n.host===r.host&&l.activeElement===s&&(d.top.location.href=t.value))}},d.addEventListener(\"message\",d.wp.receiveEmbedMessage,!1),l.addEventListener(\"DOMContentLoaded\",function(){for(var e,t,s=l.querySelectorAll(\"iframe.darka-embedded-content\"),r=0;r<s.length;r++)(t=(e=s[r]).getAttribute(\"data-secret\"))||(t=Math.random().toString(36).substring(2,12),e.src+=\"#?secret=\"+t,e.setAttribute(\"data-secret\",t)),e.contentWindow.postMessage({message:\"ready\",secret:t},\"*\")},!1)))}(window,document);\n\/\/# sourceURL=https:\/\/darkamazi.info\/other\/js\/wp-embed.min.js\n<\/script>\n","thumbnail_url":"https:\/\/darkamazi.info\/file\/2026\/02\/Ocalan-Peyam-Sancar-info.jpg","thumbnail_width":900,"thumbnail_height":500,"description":"T\u00ea \u00e7aver\u00eakirin sibe di salvegera yekem ya banga 27\u00ea Sibat\u00ea de, peyameke n\u00fb ya Ocalan were ragihandin. M\u00eethat Sancar endam\u00ea heyeta \u00cemraliy\u00ea ragihand ku peyameke n\u00fb ya r\u00eaber\u00ea PKK\u00ea Abdulla Ocalan heye \u00fb ew peyam d\u00ea 27\u00ea Sibat\u00ea bi civ\u00eeneke \u00e7apemeniy\u00ea ji raya gi\u015ft\u00ee re were e\u015fkerekirin. M\u00eethat Sancar got ku di salvegera yekem ya [&hellip;]"}