{"version":"1.0","provider_name":"Darka Maz\u00ee","provider_url":"https:\/\/darkamazi.info","title":"Ji bo xizmeta Tirkiyey\u00ea Ocalan sibe d\u00ea bang li PKK\u00ea bike ka \u00e7i hewceye were kirin - Darka Maz\u00ee","type":"rich","width":600,"height":338,"html":"<blockquote class=\"darka-embedded-content\" data-secret=\"7Jn5ud70YM\"><a href=\"https:\/\/darkamazi.info\/archives\/1051906\">Ji bo xizmeta Tirkiyey\u00ea Ocalan sibe d\u00ea bang li PKK\u00ea bike ka \u00e7i hewceye were kirin<\/a><\/blockquote><iframe sandbox=\"allow-scripts\" security=\"restricted\" src=\"https:\/\/darkamazi.info\/archives\/1051906\/embed#?secret=7Jn5ud70YM\" width=\"600\" height=\"338\" title=\"&#8220;Ji bo xizmeta Tirkiyey\u00ea Ocalan sibe d\u00ea bang li PKK\u00ea bike ka \u00e7i hewceye were kirin&#8221; &#8212; Darka Maz\u00ee\" data-secret=\"7Jn5ud70YM\" frameborder=\"0\" marginwidth=\"0\" marginheight=\"0\" scrolling=\"no\" class=\"darka-embedded-content\"><\/iframe><script>\n\/*! This file is auto-generated *\/\n!function(d,l){\"use strict\";l.querySelector&&d.addEventListener&&\"undefined\"!=typeof URL&&(d.wp=d.wp||{},d.wp.receiveEmbedMessage||(d.wp.receiveEmbedMessage=function(e){var t=e.data;if((t||t.secret||t.message||t.value)&&!\/[^a-zA-Z0-9]\/.test(t.secret)){for(var s,r,n,a=l.querySelectorAll('iframe[data-secret=\"'+t.secret+'\"]'),o=l.querySelectorAll('blockquote[data-secret=\"'+t.secret+'\"]'),c=new RegExp(\"^https?:$\",\"i\"),i=0;i<o.length;i++)o[i].style.display=\"none\";for(i=0;i<a.length;i++)s=a[i],e.source===s.contentWindow&&(s.removeAttribute(\"style\"),\"height\"===t.message?(1e3<(r=parseInt(t.value,10))?r=1e3:~~r<200&&(r=200),s.height=r):\"link\"===t.message&&(r=new URL(s.getAttribute(\"src\")),n=new URL(t.value),c.test(n.protocol))&&n.host===r.host&&l.activeElement===s&&(d.top.location.href=t.value))}},d.addEventListener(\"message\",d.wp.receiveEmbedMessage,!1),l.addEventListener(\"DOMContentLoaded\",function(){for(var e,t,s=l.querySelectorAll(\"iframe.darka-embedded-content\"),r=0;r<s.length;r++)(t=(e=s[r]).getAttribute(\"data-secret\"))||(t=Math.random().toString(36).substring(2,12),e.src+=\"#?secret=\"+t,e.setAttribute(\"data-secret\",t)),e.contentWindow.postMessage({message:\"ready\",secret:t},\"*\")},!1)))}(window,document);\n\/\/# sourceURL=https:\/\/darkamazi.info\/other\/js\/wp-embed.min.js\n<\/script>\n","thumbnail_url":"https:\/\/darkamazi.info\/file\/2026\/02\/ocalan-turkey-peyam-2-info.jpg","thumbnail_width":900,"thumbnail_height":500,"description":"R\u00eaber\u00ea PKK\u00ea Abdullah Ocalan w\u00ea di 27\u00ea Sibat\u00ea de, salek pi\u015ft\u00ee banga xwe ya yekem, daxuyaniyek n\u00fb bide, da ku gir\u00eengiya bir\u00eavebirina projeya Tirkiyeya b\u00eateror n\u00ee\u015fan bide \u00fb bang li berpirs\u00ean PKK\u00ea bike ka di qonax\u00ean p\u00ea\u015f de \u00e7i hewce ye were kirin. Li gor\u00ee rojnameya H\u00fcrriyet, daxuyaniya Ocalan d\u00ea ji aliy\u00ea rayedar\u00ean Partiya Wekhev\u00ee [&hellip;]"}