{"version":"1.0","provider_name":"Darka Maz\u00ee","provider_url":"https:\/\/darkamazi.info","title":"N\u00ea\u00e7\u00eervan Barzan\u00ee \u00fb Macron tekez\u00ee li ser parastina aramiya her\u00eam\u00ea dikin. - Darka Maz\u00ee","type":"rich","width":600,"height":338,"html":"<blockquote class=\"darka-embedded-content\" data-secret=\"dCFn6HFauS\"><a href=\"https:\/\/darkamazi.info\/archives\/1051996\">N\u00ea\u00e7\u00eervan Barzan\u00ee \u00fb Macron tekez\u00ee li ser parastina aramiya her\u00eam\u00ea dikin.<\/a><\/blockquote><iframe sandbox=\"allow-scripts\" security=\"restricted\" src=\"https:\/\/darkamazi.info\/archives\/1051996\/embed#?secret=dCFn6HFauS\" width=\"600\" height=\"338\" title=\"&#8220;N\u00ea\u00e7\u00eervan Barzan\u00ee \u00fb Macron tekez\u00ee li ser parastina aramiya her\u00eam\u00ea dikin.&#8221; &#8212; Darka Maz\u00ee\" data-secret=\"dCFn6HFauS\" frameborder=\"0\" marginwidth=\"0\" marginheight=\"0\" scrolling=\"no\" class=\"darka-embedded-content\"><\/iframe><script>\n\/*! This file is auto-generated *\/\n!function(d,l){\"use strict\";l.querySelector&&d.addEventListener&&\"undefined\"!=typeof URL&&(d.wp=d.wp||{},d.wp.receiveEmbedMessage||(d.wp.receiveEmbedMessage=function(e){var t=e.data;if((t||t.secret||t.message||t.value)&&!\/[^a-zA-Z0-9]\/.test(t.secret)){for(var s,r,n,a=l.querySelectorAll('iframe[data-secret=\"'+t.secret+'\"]'),o=l.querySelectorAll('blockquote[data-secret=\"'+t.secret+'\"]'),c=new RegExp(\"^https?:$\",\"i\"),i=0;i<o.length;i++)o[i].style.display=\"none\";for(i=0;i<a.length;i++)s=a[i],e.source===s.contentWindow&&(s.removeAttribute(\"style\"),\"height\"===t.message?(1e3<(r=parseInt(t.value,10))?r=1e3:~~r<200&&(r=200),s.height=r):\"link\"===t.message&&(r=new URL(s.getAttribute(\"src\")),n=new URL(t.value),c.test(n.protocol))&&n.host===r.host&&l.activeElement===s&&(d.top.location.href=t.value))}},d.addEventListener(\"message\",d.wp.receiveEmbedMessage,!1),l.addEventListener(\"DOMContentLoaded\",function(){for(var e,t,s=l.querySelectorAll(\"iframe.darka-embedded-content\"),r=0;r<s.length;r++)(t=(e=s[r]).getAttribute(\"data-secret\"))||(t=Math.random().toString(36).substring(2,12),e.src+=\"#?secret=\"+t,e.setAttribute(\"data-secret\",t)),e.contentWindow.postMessage({message:\"ready\",secret:t},\"*\")},!1)))}(window,document);\n\/\/# sourceURL=https:\/\/darkamazi.info\/other\/js\/wp-embed.min.js\n<\/script>\n","thumbnail_url":"https:\/\/darkamazi.info\/file\/2026\/03\/necirvan-barzani-macron.jpg","thumbnail_width":1562,"thumbnail_height":878,"description":"Serok\u00ea Her\u00eama Kurdistan\u00ea N\u00ea\u00e7\u00eervan Barzan\u00ee \u00fb Serokkomar\u00ea Fransay\u00ea Emmanuel Macron, di peywendiyeke telefon\u00ee de rew\u015fa nav\u00e7ey\u00ea \u00fb peywendiy\u00ean dual\u00ee got\u00fbb\u00eaj kirin. Di peywendiy\u00ea de, her du serokan li ser rew\u015fa nav\u00e7ey\u00ea \u00fb bandor\u00ean \u015fer n\u00ear\u00een\u00ean xwe parve kirin. Her du aliyan n\u00eegeraniya xwe ya k\u00fbr li hember metirsiya z\u00eadeb\u00fbna girjiyan an\u00een ziman \u00fb li ser [&hellip;]"}