{"version":"1.0","provider_name":"Darka Maz\u00ee","provider_url":"https:\/\/darkamazi.info","title":"Ku\u015ftina ciwanek\u00ee Kurd di bin \u00ea\u015fkencey\u00ea de pi\u015ft\u00ee girtina w\u00ee ji aliy\u00ea \u00e7ekdar\u00ean PYD\u2019\u00ea ve li Qami\u015flo - Darka Maz\u00ee","type":"rich","width":600,"height":338,"html":"<blockquote class=\"darka-embedded-content\" data-secret=\"L1NkhL5iWa\"><a href=\"https:\/\/darkamazi.info\/archives\/1052033\">Ku\u015ftina ciwanek\u00ee Kurd di bin \u00ea\u015fkencey\u00ea de pi\u015ft\u00ee girtina w\u00ee ji aliy\u00ea \u00e7ekdar\u00ean PYD\u2019\u00ea ve li Qami\u015flo<\/a><\/blockquote><iframe sandbox=\"allow-scripts\" security=\"restricted\" src=\"https:\/\/darkamazi.info\/archives\/1052033\/embed#?secret=L1NkhL5iWa\" width=\"600\" height=\"338\" title=\"&#8220;Ku\u015ftina ciwanek\u00ee Kurd di bin \u00ea\u015fkencey\u00ea de pi\u015ft\u00ee girtina w\u00ee ji aliy\u00ea \u00e7ekdar\u00ean PYD\u2019\u00ea ve li Qami\u015flo&#8221; &#8212; Darka Maz\u00ee\" data-secret=\"L1NkhL5iWa\" frameborder=\"0\" marginwidth=\"0\" marginheight=\"0\" scrolling=\"no\" class=\"darka-embedded-content\"><\/iframe><script>\n\/*! This file is auto-generated *\/\n!function(d,l){\"use strict\";l.querySelector&&d.addEventListener&&\"undefined\"!=typeof URL&&(d.wp=d.wp||{},d.wp.receiveEmbedMessage||(d.wp.receiveEmbedMessage=function(e){var t=e.data;if((t||t.secret||t.message||t.value)&&!\/[^a-zA-Z0-9]\/.test(t.secret)){for(var s,r,n,a=l.querySelectorAll('iframe[data-secret=\"'+t.secret+'\"]'),o=l.querySelectorAll('blockquote[data-secret=\"'+t.secret+'\"]'),c=new RegExp(\"^https?:$\",\"i\"),i=0;i<o.length;i++)o[i].style.display=\"none\";for(i=0;i<a.length;i++)s=a[i],e.source===s.contentWindow&&(s.removeAttribute(\"style\"),\"height\"===t.message?(1e3<(r=parseInt(t.value,10))?r=1e3:~~r<200&&(r=200),s.height=r):\"link\"===t.message&&(r=new URL(s.getAttribute(\"src\")),n=new URL(t.value),c.test(n.protocol))&&n.host===r.host&&l.activeElement===s&&(d.top.location.href=t.value))}},d.addEventListener(\"message\",d.wp.receiveEmbedMessage,!1),l.addEventListener(\"DOMContentLoaded\",function(){for(var e,t,s=l.querySelectorAll(\"iframe.darka-embedded-content\"),r=0;r<s.length;r++)(t=(e=s[r]).getAttribute(\"data-secret\"))||(t=Math.random().toString(36).substring(2,12),e.src+=\"#?secret=\"+t,e.setAttribute(\"data-secret\",t)),e.contentWindow.postMessage({message:\"ready\",secret:t},\"*\")},!1)))}(window,document);\n\/\/# sourceURL=https:\/\/darkamazi.info\/other\/js\/wp-embed.min.js\n<\/script>\n","thumbnail_url":"https:\/\/darkamazi.info\/file\/2026\/03\/ela.jpg","thumbnail_width":900,"thumbnail_height":497,"description":"Malbata ciwan\u00ea bi nav\u00ea Ela Ednan Em\u00een, ku welatiyek\u00ee Sw\u00ead\u00ee y\u00ea bi esl\u00ea xwe Kurd\u00ea S\u00fbriy\u00ea ye \u00fb 33 sal\u00ee ye, ragihand ku kur\u00ea wan pi\u015ft\u00ee \u00e7end mehan ji girtina w\u00ee li bajar\u00ea Qami\u015flo y\u00ea li Kurdistana S\u00fbriy\u00ea jiyana xwe ji dest daye. Malbat\u00ea \u00e7ekdar\u00ean Partiya Yek\u00eetiya Demokrat (PYD) tawanbar kirin ku b\u00fbne sedema mirina [&hellip;]"}