{"version":"1.0","provider_name":"Darka Maz\u00ee","provider_url":"https:\/\/darkamazi.info","title":"Performansa Meddah\u00ee ya n\u00fb a D\u00fbran Qalkan: Xemilandina peymana daw\u00ee ya di navbera Ocalan \u00fb Dewlet\u00ea de - Darka Maz\u00ee","type":"rich","width":600,"height":338,"html":"<blockquote class=\"darka-embedded-content\" data-secret=\"deTAbzJNeW\"><a href=\"https:\/\/darkamazi.info\/archives\/1052052\">Performansa Meddah\u00ee ya n\u00fb a D\u00fbran Qalkan: Xemilandina peymana daw\u00ee ya di navbera Ocalan \u00fb Dewlet\u00ea de<\/a><\/blockquote><iframe sandbox=\"allow-scripts\" security=\"restricted\" src=\"https:\/\/darkamazi.info\/archives\/1052052\/embed#?secret=deTAbzJNeW\" width=\"600\" height=\"338\" title=\"&#8220;Performansa Meddah\u00ee ya n\u00fb a D\u00fbran Qalkan: Xemilandina peymana daw\u00ee ya di navbera Ocalan \u00fb Dewlet\u00ea de&#8221; &#8212; Darka Maz\u00ee\" data-secret=\"deTAbzJNeW\" frameborder=\"0\" marginwidth=\"0\" marginheight=\"0\" scrolling=\"no\" class=\"darka-embedded-content\"><\/iframe><script>\n\/*! This file is auto-generated *\/\n!function(d,l){\"use strict\";l.querySelector&&d.addEventListener&&\"undefined\"!=typeof URL&&(d.wp=d.wp||{},d.wp.receiveEmbedMessage||(d.wp.receiveEmbedMessage=function(e){var t=e.data;if((t||t.secret||t.message||t.value)&&!\/[^a-zA-Z0-9]\/.test(t.secret)){for(var s,r,n,a=l.querySelectorAll('iframe[data-secret=\"'+t.secret+'\"]'),o=l.querySelectorAll('blockquote[data-secret=\"'+t.secret+'\"]'),c=new RegExp(\"^https?:$\",\"i\"),i=0;i<o.length;i++)o[i].style.display=\"none\";for(i=0;i<a.length;i++)s=a[i],e.source===s.contentWindow&&(s.removeAttribute(\"style\"),\"height\"===t.message?(1e3<(r=parseInt(t.value,10))?r=1e3:~~r<200&&(r=200),s.height=r):\"link\"===t.message&&(r=new URL(s.getAttribute(\"src\")),n=new URL(t.value),c.test(n.protocol))&&n.host===r.host&&l.activeElement===s&&(d.top.location.href=t.value))}},d.addEventListener(\"message\",d.wp.receiveEmbedMessage,!1),l.addEventListener(\"DOMContentLoaded\",function(){for(var e,t,s=l.querySelectorAll(\"iframe.darka-embedded-content\"),r=0;r<s.length;r++)(t=(e=s[r]).getAttribute(\"data-secret\"))||(t=Math.random().toString(36).substring(2,12),e.src+=\"#?secret=\"+t,e.setAttribute(\"data-secret\",t)),e.contentWindow.postMessage({message:\"ready\",secret:t},\"*\")},!1)))}(window,document);\n\/\/# sourceURL=https:\/\/darkamazi.info\/other\/js\/wp-embed.min.js\n<\/script>\n","thumbnail_url":"https:\/\/darkamazi.info\/file\/2026\/03\/kalkan-rojhelat.jpg","thumbnail_width":900,"thumbnail_height":500,"description":"Hevpeyv\u00eenek bi D\u00fbran Qalkan, endamek\u00ee damezr\u00eener \u00ea PKK \u00ea re, di 11\u00ea Adar\u00ea de li ser Medya Haber, kanala n\u00fb\u00e7eyan a PKK \u00ea ya li Ewropay\u00ea, hate we\u015fandin. Ji ber mijar\u00ean kr\u00eet\u00eek \u00ean wek\u00ee \u015fer\u00ea bi \u00ceran\u00ea re, her kes\u00ee meraq dikir ka di hevpeyv\u00een\u00ea de \u00e7i heb\u00fb. L\u00eabel\u00ea, pi\u015ft\u00ee Ocalan di sala 2026 an [&hellip;]"}