{"version":"1.0","provider_name":"Darka Maz\u00ee","provider_url":"https:\/\/darkamazi.info","title":"D\u00fbran Kalkan: Ewlehiya Tirkiy\u00ea ji aliy\u00ea Serok Apo ve t\u00ea misogerkirin - Darka Maz\u00ee","type":"rich","width":600,"height":338,"html":"<blockquote class=\"darka-embedded-content\" data-secret=\"TlehEPt6rv\"><a href=\"https:\/\/darkamazi.info\/archives\/1052067\">D\u00fbran Kalkan: Ewlehiya Tirkiy\u00ea ji aliy\u00ea Serok Apo ve t\u00ea misogerkirin<\/a><\/blockquote><iframe sandbox=\"allow-scripts\" security=\"restricted\" src=\"https:\/\/darkamazi.info\/archives\/1052067\/embed#?secret=TlehEPt6rv\" width=\"600\" height=\"338\" title=\"&#8220;D\u00fbran Kalkan: Ewlehiya Tirkiy\u00ea ji aliy\u00ea Serok Apo ve t\u00ea misogerkirin&#8221; &#8212; Darka Maz\u00ee\" data-secret=\"TlehEPt6rv\" frameborder=\"0\" marginwidth=\"0\" marginheight=\"0\" scrolling=\"no\" class=\"darka-embedded-content\"><\/iframe><script>\n\/*! This file is auto-generated *\/\n!function(d,l){\"use strict\";l.querySelector&&d.addEventListener&&\"undefined\"!=typeof URL&&(d.wp=d.wp||{},d.wp.receiveEmbedMessage||(d.wp.receiveEmbedMessage=function(e){var t=e.data;if((t||t.secret||t.message||t.value)&&!\/[^a-zA-Z0-9]\/.test(t.secret)){for(var s,r,n,a=l.querySelectorAll('iframe[data-secret=\"'+t.secret+'\"]'),o=l.querySelectorAll('blockquote[data-secret=\"'+t.secret+'\"]'),c=new RegExp(\"^https?:$\",\"i\"),i=0;i<o.length;i++)o[i].style.display=\"none\";for(i=0;i<a.length;i++)s=a[i],e.source===s.contentWindow&&(s.removeAttribute(\"style\"),\"height\"===t.message?(1e3<(r=parseInt(t.value,10))?r=1e3:~~r<200&&(r=200),s.height=r):\"link\"===t.message&&(r=new URL(s.getAttribute(\"src\")),n=new URL(t.value),c.test(n.protocol))&&n.host===r.host&&l.activeElement===s&&(d.top.location.href=t.value))}},d.addEventListener(\"message\",d.wp.receiveEmbedMessage,!1),l.addEventListener(\"DOMContentLoaded\",function(){for(var e,t,s=l.querySelectorAll(\"iframe.darka-embedded-content\"),r=0;r<s.length;r++)(t=(e=s[r]).getAttribute(\"data-secret\"))||(t=Math.random().toString(36).substring(2,12),e.src+=\"#?secret=\"+t,e.setAttribute(\"data-secret\",t)),e.contentWindow.postMessage({message:\"ready\",secret:t},\"*\")},!1)))}(window,document);\n\/\/# sourceURL=https:\/\/darkamazi.info\/other\/js\/wp-embed.min.js\n<\/script>\n","thumbnail_url":"https:\/\/darkamazi.info\/file\/2026\/03\/Duran-tirk-info.jpg","thumbnail_width":900,"thumbnail_height":500,"description":"D\u00fbran Kalkan, serkirdey\u00ea PKK\u00ea, be\u015fdar\u00ee Medya Haber\u00ea b\u00fb \u00fb \u00e7end daxuyaniy\u00ean gir\u00eeng dan. Kalkan nirxandin\u00ean xwe li ser b\u00fbyer\u00ean rojane kirin. Di axaftina xwe de, Kalkan ku endam\u00ea damezr\u00eener y\u00ea PKK\u00ea ye, wek\u00ee endam\u00ea Akademiya Zanist\u00ean Civak\u00ee behsa Ocalan kir. Pi\u015ft\u00ee p\u00eavajoya ku ji h\u00eala Ocalan ve hatiye destp\u00eakirin \u00fb hilwe\u015fandina PKK\u00ea, di naverok \u00fb [&hellip;]"}