{"version":"1.0","provider_name":"Darka Maz\u00ee","provider_url":"https:\/\/darkamazi.info","title":"Konferansa yek\u00eetiya netewey\u00ee ya kurd\u00ean bakur: \"Yek\u00eet\u00ee ji bo me mecb\u00fbriyet e\" - Darka Maz\u00ee","type":"rich","width":600,"height":338,"html":"<blockquote class=\"darka-embedded-content\" data-secret=\"TJlk0IOo3N\"><a href=\"https:\/\/darkamazi.info\/archives\/1052615\">Konferansa yek\u00eetiya netewey\u00ee ya kurd\u00ean bakur: &#8220;Yek\u00eet\u00ee ji bo me mecb\u00fbriyet e&#8221;<\/a><\/blockquote><iframe sandbox=\"allow-scripts\" security=\"restricted\" src=\"https:\/\/darkamazi.info\/archives\/1052615\/embed#?secret=TJlk0IOo3N\" width=\"600\" height=\"338\" title=\"&#8220;Konferansa yek\u00eetiya netewey\u00ee ya kurd\u00ean bakur: &#8220;Yek\u00eet\u00ee ji bo me mecb\u00fbriyet e&#8221;&#8221; &#8212; Darka Maz\u00ee\" data-secret=\"TJlk0IOo3N\" frameborder=\"0\" marginwidth=\"0\" marginheight=\"0\" scrolling=\"no\" class=\"darka-embedded-content\"><\/iframe><script>\n\/*! This file is auto-generated *\/\n!function(d,l){\"use strict\";l.querySelector&&d.addEventListener&&\"undefined\"!=typeof URL&&(d.wp=d.wp||{},d.wp.receiveEmbedMessage||(d.wp.receiveEmbedMessage=function(e){var t=e.data;if((t||t.secret||t.message||t.value)&&!\/[^a-zA-Z0-9]\/.test(t.secret)){for(var s,r,n,a=l.querySelectorAll('iframe[data-secret=\"'+t.secret+'\"]'),o=l.querySelectorAll('blockquote[data-secret=\"'+t.secret+'\"]'),c=new RegExp(\"^https?:$\",\"i\"),i=0;i<o.length;i++)o[i].style.display=\"none\";for(i=0;i<a.length;i++)s=a[i],e.source===s.contentWindow&&(s.removeAttribute(\"style\"),\"height\"===t.message?(1e3<(r=parseInt(t.value,10))?r=1e3:~~r<200&&(r=200),s.height=r):\"link\"===t.message&&(r=new URL(s.getAttribute(\"src\")),n=new URL(t.value),c.test(n.protocol))&&n.host===r.host&&l.activeElement===s&&(d.top.location.href=t.value))}},d.addEventListener(\"message\",d.wp.receiveEmbedMessage,!1),l.addEventListener(\"DOMContentLoaded\",function(){for(var e,t,s=l.querySelectorAll(\"iframe.darka-embedded-content\"),r=0;r<s.length;r++)(t=(e=s[r]).getAttribute(\"data-secret\"))||(t=Math.random().toString(36).substring(2,12),e.src+=\"#?secret=\"+t,e.setAttribute(\"data-secret\",t)),e.contentWindow.postMessage({message:\"ready\",secret:t},\"*\")},!1)))}(window,document);\n\/\/# sourceURL=https:\/\/darkamazi.info\/other\/js\/wp-embed.min.js\n<\/script>\n","thumbnail_url":"https:\/\/darkamazi.info\/file\/2026\/04\/kurden-bakur-yekitiya-netewi.jpg","thumbnail_width":1562,"thumbnail_height":878,"description":"Kurd\u00ean Bakur di konferanseke berfireh \u00fb d\u00eerok\u00ee de li ser p\u00eaw\u00eestiya yek\u00eetiya netewey\u00ee civiyan. Di konferansa bi nav\u00ea \u201cKurd\u00ean Bakur Yek\u00eetiya Xwe Ya Netewey\u00ee N\u00eeqa\u015f Dikin\u201d de, bang li hem\u00fb h\u00eaz\u00ean siyas\u00ee hat kirin ku nakokiy\u00ean navxwey\u00ee bidin aliyek\u00ee \u00fb li ser stratejiyeke netewey\u00ee ya hevpar li hev bikin. Di konferans\u00ea de hat destn\u00ee\u015fankirin ku [&hellip;]"}