{"version":"1.0","provider_name":"Darka Maz\u00ee","provider_url":"https:\/\/darkamazi.info","title":"Mustafa Oz\u00e7el\u00eek careke din wek Serok\u00ea Gi\u015ft\u00ee hat hilbijartin - Darka Maz\u00ee","type":"rich","width":600,"height":338,"html":"<blockquote class=\"darka-embedded-content\" data-secret=\"TpRFwDbbaD\"><a href=\"https:\/\/darkamazi.info\/archives\/1054050\">Mustafa Oz\u00e7el\u00eek careke din wek Serok\u00ea Gi\u015ft\u00ee hat hilbijartin<\/a><\/blockquote><iframe sandbox=\"allow-scripts\" security=\"restricted\" src=\"https:\/\/darkamazi.info\/archives\/1054050\/embed#?secret=TpRFwDbbaD\" width=\"600\" height=\"338\" title=\"&#8220;Mustafa Oz\u00e7el\u00eek careke din wek Serok\u00ea Gi\u015ft\u00ee hat hilbijartin&#8221; &#8212; Darka Maz\u00ee\" data-secret=\"TpRFwDbbaD\" frameborder=\"0\" marginwidth=\"0\" marginheight=\"0\" scrolling=\"no\" class=\"darka-embedded-content\"><\/iframe><script>\n\/*! This file is auto-generated *\/\n!function(d,l){\"use strict\";l.querySelector&&d.addEventListener&&\"undefined\"!=typeof URL&&(d.wp=d.wp||{},d.wp.receiveEmbedMessage||(d.wp.receiveEmbedMessage=function(e){var t=e.data;if((t||t.secret||t.message||t.value)&&!\/[^a-zA-Z0-9]\/.test(t.secret)){for(var s,r,n,a=l.querySelectorAll('iframe[data-secret=\"'+t.secret+'\"]'),o=l.querySelectorAll('blockquote[data-secret=\"'+t.secret+'\"]'),c=new RegExp(\"^https?:$\",\"i\"),i=0;i<o.length;i++)o[i].style.display=\"none\";for(i=0;i<a.length;i++)s=a[i],e.source===s.contentWindow&&(s.removeAttribute(\"style\"),\"height\"===t.message?(1e3<(r=parseInt(t.value,10))?r=1e3:~~r<200&&(r=200),s.height=r):\"link\"===t.message&&(r=new URL(s.getAttribute(\"src\")),n=new URL(t.value),c.test(n.protocol))&&n.host===r.host&&l.activeElement===s&&(d.top.location.href=t.value))}},d.addEventListener(\"message\",d.wp.receiveEmbedMessage,!1),l.addEventListener(\"DOMContentLoaded\",function(){for(var e,t,s=l.querySelectorAll(\"iframe.darka-embedded-content\"),r=0;r<s.length;r++)(t=(e=s[r]).getAttribute(\"data-secret\"))||(t=Math.random().toString(36).substring(2,12),e.src+=\"#?secret=\"+t,e.setAttribute(\"data-secret\",t)),e.contentWindow.postMessage({message:\"ready\",secret:t},\"*\")},!1)))}(window,document);\n\/\/# sourceURL=https:\/\/darkamazi.info\/other\/js\/wp-embed.min.js\n<\/script>\n","thumbnail_url":"https:\/\/darkamazi.info\/file\/2026\/08\/mustafa-ozcelik.jpg","thumbnail_width":900,"thumbnail_height":497,"description":"Partiya Welatpar\u00eaz\u00ean Kurdistan\u00ea (PWK) 2\u2019yem\u00een Kongreya xwe ya Gi\u015ft\u00ee li bajar\u00ea Diyarbekir\u00ea li dar xist. Di encama hilbijartina di kongrey\u00ea de, Mustafa Oz\u00e7el\u00eek bi yekdeng\u00ee careke din wek\u00ee Serok\u00ea Gi\u015ft\u00ee y\u00ea PWK\u2019\u00ea hat hilbijartin. Li gor\u00ee daxuyaniya ku \u00eero ji aliy\u00ea PWK\u2019\u00ea ve hat belavkirin, kongre duh, 30\u00ea Tebaxa 2026an, hat encamdan. Ji ber ku [&hellip;]"}