{"version":"1.0","provider_name":"Darka Maz\u00ee","provider_url":"https:\/\/darkamazi.info","title":"Duran Kalkan li \u00cemraliy\u00ea bi Evdila Ocalan re hevd\u00eetin kir - Darka Maz\u00ee","type":"rich","width":600,"height":338,"html":"<blockquote class=\"darka-embedded-content\" data-secret=\"8LZuhAvTLn\"><a href=\"https:\/\/darkamazi.info\/archives\/1054058\">Duran Kalkan li \u00cemraliy\u00ea bi Evdila Ocalan re hevd\u00eetin kir<\/a><\/blockquote><iframe sandbox=\"allow-scripts\" security=\"restricted\" src=\"https:\/\/darkamazi.info\/archives\/1054058\/embed#?secret=8LZuhAvTLn\" width=\"600\" height=\"338\" title=\"&#8220;Duran Kalkan li \u00cemraliy\u00ea bi Evdila Ocalan re hevd\u00eetin kir&#8221; &#8212; Darka Maz\u00ee\" data-secret=\"8LZuhAvTLn\" frameborder=\"0\" marginwidth=\"0\" marginheight=\"0\" scrolling=\"no\" class=\"darka-embedded-content\"><\/iframe><script>\n\/*! This file is auto-generated *\/\n!function(d,l){\"use strict\";l.querySelector&&d.addEventListener&&\"undefined\"!=typeof URL&&(d.wp=d.wp||{},d.wp.receiveEmbedMessage||(d.wp.receiveEmbedMessage=function(e){var t=e.data;if((t||t.secret||t.message||t.value)&&!\/[^a-zA-Z0-9]\/.test(t.secret)){for(var s,r,n,a=l.querySelectorAll('iframe[data-secret=\"'+t.secret+'\"]'),o=l.querySelectorAll('blockquote[data-secret=\"'+t.secret+'\"]'),c=new RegExp(\"^https?:$\",\"i\"),i=0;i<o.length;i++)o[i].style.display=\"none\";for(i=0;i<a.length;i++)s=a[i],e.source===s.contentWindow&&(s.removeAttribute(\"style\"),\"height\"===t.message?(1e3<(r=parseInt(t.value,10))?r=1e3:~~r<200&&(r=200),s.height=r):\"link\"===t.message&&(r=new URL(s.getAttribute(\"src\")),n=new URL(t.value),c.test(n.protocol))&&n.host===r.host&&l.activeElement===s&&(d.top.location.href=t.value))}},d.addEventListener(\"message\",d.wp.receiveEmbedMessage,!1),l.addEventListener(\"DOMContentLoaded\",function(){for(var e,t,s=l.querySelectorAll(\"iframe.darka-embedded-content\"),r=0;r<s.length;r++)(t=(e=s[r]).getAttribute(\"data-secret\"))||(t=Math.random().toString(36).substring(2,12),e.src+=\"#?secret=\"+t,e.setAttribute(\"data-secret\",t)),e.contentWindow.postMessage({message:\"ready\",secret:t},\"*\")},!1)))}(window,document);\n\/\/# sourceURL=https:\/\/darkamazi.info\/other\/js\/wp-embed.min.js\n<\/script>\n","thumbnail_url":"https:\/\/darkamazi.info\/file\/2026\/08\/imrali-ocalan-pkk-leaders-info.jpg","thumbnail_width":900,"thumbnail_height":497,"description":"* W\u00eane bi j\u00eer\u00eeya destkird hat\u00eeye \u00e7\u00eakirin Derket hol\u00ea ku Evdila Ocalan li \u00cemraliy\u00ea bi p\u00eanc serkirdey\u00ean PKK\u00ea re, ku ji aliy\u00ea Duran Kalkan \u00fb Sabr\u00ee Ok ve dihat bir\u00eavebirin, hevd\u00eetin p\u00eak an\u00eeye. Bi p\u00eavajoya ku bi hilwe\u015fandina PKK\u00ea ji aliy\u00ea Evdila Ocalan ve di 27 \u00ea Sibata 2025 an de dest p\u00ea kir\u00ee, di [&hellip;]"}