{"version":"1.0","provider_name":"Darka Maz\u00ee","provider_url":"https:\/\/darkamazi.info","title":"Cem\u00eel Bayik \u00c7\u00fbye \u00cemraliy\u00ea: Serdemeke n\u00fb di nava PKK\u00ea de \u00fb hevsengiy\u00ean hey\u00ee - Darka Maz\u00ee","type":"rich","width":600,"height":338,"html":"<blockquote class=\"darka-embedded-content\" data-secret=\"t1WMfKpoOy\"><a href=\"https:\/\/darkamazi.info\/archives\/1054091\">Cem\u00eel Bayik \u00c7\u00fbye \u00cemraliy\u00ea: Serdemeke n\u00fb di nava PKK\u00ea de \u00fb hevsengiy\u00ean hey\u00ee<\/a><\/blockquote><iframe sandbox=\"allow-scripts\" security=\"restricted\" src=\"https:\/\/darkamazi.info\/archives\/1054091\/embed#?secret=t1WMfKpoOy\" width=\"600\" height=\"338\" title=\"&#8220;Cem\u00eel Bayik \u00c7\u00fbye \u00cemraliy\u00ea: Serdemeke n\u00fb di nava PKK\u00ea de \u00fb hevsengiy\u00ean hey\u00ee&#8221; &#8212; Darka Maz\u00ee\" data-secret=\"t1WMfKpoOy\" frameborder=\"0\" marginwidth=\"0\" marginheight=\"0\" scrolling=\"no\" class=\"darka-embedded-content\"><\/iframe><script>\n\/*! This file is auto-generated *\/\n!function(d,l){\"use strict\";l.querySelector&&d.addEventListener&&\"undefined\"!=typeof URL&&(d.wp=d.wp||{},d.wp.receiveEmbedMessage||(d.wp.receiveEmbedMessage=function(e){var t=e.data;if((t||t.secret||t.message||t.value)&&!\/[^a-zA-Z0-9]\/.test(t.secret)){for(var s,r,n,a=l.querySelectorAll('iframe[data-secret=\"'+t.secret+'\"]'),o=l.querySelectorAll('blockquote[data-secret=\"'+t.secret+'\"]'),c=new RegExp(\"^https?:$\",\"i\"),i=0;i<o.length;i++)o[i].style.display=\"none\";for(i=0;i<a.length;i++)s=a[i],e.source===s.contentWindow&&(s.removeAttribute(\"style\"),\"height\"===t.message?(1e3<(r=parseInt(t.value,10))?r=1e3:~~r<200&&(r=200),s.height=r):\"link\"===t.message&&(r=new URL(s.getAttribute(\"src\")),n=new URL(t.value),c.test(n.protocol))&&n.host===r.host&&l.activeElement===s&&(d.top.location.href=t.value))}},d.addEventListener(\"message\",d.wp.receiveEmbedMessage,!1),l.addEventListener(\"DOMContentLoaded\",function(){for(var e,t,s=l.querySelectorAll(\"iframe.darka-embedded-content\"),r=0;r<s.length;r++)(t=(e=s[r]).getAttribute(\"data-secret\"))||(t=Math.random().toString(36).substring(2,12),e.src+=\"#?secret=\"+t,e.setAttribute(\"data-secret\",t)),e.contentWindow.postMessage({message:\"ready\",secret:t},\"*\")},!1)))}(window,document);\n\/\/# sourceURL=https:\/\/darkamazi.info\/other\/js\/wp-embed.min.js\n<\/script>\n","thumbnail_url":"https:\/\/darkamazi.info\/file\/2026\/09\/wp-mazi-ocalan-bayik.jpg","thumbnail_width":900,"thumbnail_height":497,"description":"Hat ragihandin ku Cem\u00eel Bayik, r\u00eaveber\u00ea pileberz \u00ea PKK\u00ea, serdana \u00cemraliy\u00ea kiriye \u00fb bi Ocalan re hevd\u00eetin kiriye. Li gor\u00ee agahiy\u00ean ku Darka Maz\u00ee ji \u00e7avkaniy\u00ean xwe wergirtine \u00fb ji h\u00eala \u00e7avkaniy\u00ean YNK\u00ea ve hatine pi\u015ftrastkirin; Cem\u00eel Bayik, hevserok\u00ea KCK\u00ea \u00fb endam\u00ea damezr\u00eener \u00ea PKK\u00ea, di hefteya yekem a Tebax\u00ea de bi balafirek\u00ea ji Balafirgeha [&hellip;]"}